{"id":9309,"date":"2023-09-04T08:59:44","date_gmt":"2023-09-04T06:59:44","guid":{"rendered":"https:\/\/www.mypellets.at\/home\/"},"modified":"2026-02-26T10:23:42","modified_gmt":"2026-02-26T09:23:42","slug":"home","status":"publish","type":"page","link":"https:\/\/www.mypellets.at\/fr\/","title":{"rendered":"Accueil"},"content":{"rendered":"\n<div  class=\"trnc-hero text-yellow  relative\"\n    style=\"\">\n    <div class=\"hero_bg_wrapper\" style=\"background-image: url(https:\/\/www.mypellets.at\/wp-content\/uploads\/2023\/09\/WEB_MyPellets-132-1.jpg); z-index: -1;\n    position: fixed;\n    top: 0;\n    left: 0;\n    height: 100%;\n    width: 100%;\n    background-size: cover;\n    background-repeat: no-repeat;\n    background-attachment: scroll;\n    background-position: center;\"><\/div>\n    <div class=\"container w-full h-screen flex justify-center items-end mx-auto\">\n        <div class=\"relative md:pb-16 pb-4\">\n\n            <div class=\"text-yellow font-bold font-30 md:font-48\">\n                Nos granul\u00e9s de qualit\u00e9 certifi\u00e9s permettent d\u2019avoir un chauffage toujours propre et pr\u00e9servent \u00e9galement l\u2019environnement. Avec les normes de qualit\u00e9 les plus \u00e9lev\u00e9es (teneur en poussi\u00e8re et en humidit\u00e9 r\u00e9duite, origine du mat\u00e9riau), nous garantissons des standards de pointe en Europe.            <\/div>\n            <div class=\"wp-block-button mt-6 md:mt-16 inline-flex flex-wrap\">\n                <a href=\"https:\/\/www.mypellets.at\/fr\/produits\/\" class=\"border-4 mr-4 border-yellow mb-2 inline-flex md:flex uppercase rounded-3xl px-4 font-20 lg:text-large font-bold button-yellow\" target=\"\">Produits<\/a><br><a href=\"https:\/\/www.mypellets.at\/fr\/qualite\/\" class=\"border-4 mr-4 border-yellow mb-2 inline-flex md:flex uppercase rounded-3xl px-4 font-20 lg:text-large font-bold button-yellow\" target=\"\">Qualit\u00e9<\/a><br>            <\/div>\n\n                        <div class=\"grid grid-cols-1 xl:grid-cols-2 mt-6\">\n                <div>\n                <\/div>\n                <div class=\"flex flex-row justify-end items-center gap-4\">\n                    \n<a href=\"https:\/\/www.mypellets.at\/fr\/ottieni-una-fornitura-annuale-di-pellet\/\"\n    target=\"\">\n    <img loading=\"lazy\" decoding=\"async\" width=\"300\" height=\"103\" src=\"https:\/\/www.mypellets.at\/wp-content\/uploads\/2024\/06\/Button-FR.png\" class=\"mr-0\" alt=\"Gewinnspiel Button Jahresbedarf\" \/><\/a>                <\/div>\n            <\/div>\n                    <\/div>\n    <\/div>\n\n    <div\n        class=\"container pt-16 md:pt-0 w-full md:h-screen flex flex-col md:flex-row justify-center items-center mx-auto md:px-4\">\n        <div\n            class=\"relative md:mb-0 mb-6 md:h-full text-center uppercase flex-1 font-14 flex flex-col justify-end order-1 md:order-none\">\n                        <div class=\"removepadding\" style=\"margin-top: auto;\">\n                <img decoding=\"async\" src=\"https:\/\/www.mypellets.at\/wp-content\/uploads\/2023\/10\/Ebene_1-8.svg\" alt=\"\"\n                    class=\"mx-auto py-4 mobileimg\">\n                <p><strong>MIEUX QU\u2019ENplus\u00ae\u2028<\/strong><br \/>\nNOUS GARANTISSONS UNE CHALEUR 100 % DURABLE. NOTRE OBJECTIF EST D\u2019AMENER NOS GRANUL\u00c9S AU-DEL\u00c0 DU CERTIFICAT ENPLUS &#8211; A1, LA CAT\u00c9GORIE LA PLUS \u00c9LEV\u00c9E D\u2019EUROPE.<\/p>\n            <\/div>\n                    <\/div>\n        <div\n            class=\"relative md:mb-0 mb-6 text-center uppercase flex-1 font-30 font-bold leading-none text-center md:order-none\">\n                        <div class=\"flex justify-center items-center\">\n                <img decoding=\"async\" src=\"https:\/\/www.mypellets.at\/wp-content\/uploads\/2023\/10\/Ebene_1-7.svg\"\n                    alt=\"\" class=\"mx-auto\">\n                <div class=\"mx-2 mb-0\"><p>LA QUALIT\u00c9 DE NOS GRANUL\u00c9S EST LA MEILLEURE EN EUROPE<\/p>\n<\/div>\n                <img decoding=\"async\" src=\"https:\/\/www.mypellets.at\/wp-content\/uploads\/2023\/10\/Ebene_1-7.svg\"\n                    alt=\"\" class=\"mx-auto mirrored-image\">\n            <\/div>\n                    <\/div>\n        <div\n            class=\"relative md:mb-0 mb-6 md:h-full text-center uppercase flex-1 font-14 flex flex-col justify-end order-2 md:order-none\">\n                        <div style=\"margin-top: auto;\">\n                <img decoding=\"async\" src=\"https:\/\/www.mypellets.at\/wp-content\/uploads\/2023\/10\/Ebene_1-5.svg\"\n                    alt=\"\" class=\"mx-auto py-4 mobileimg\">\n                <p><strong>Propellets MEMBRE\u2028<\/strong><br \/>\nNOUS SOMMES FIERS D\u2019\u00caTRE MEMBRE DE PROPELLETS AUSTRIA ET D\u2019\u0152UVRER AVEC D\u2019AUTRES ENTREPRISES \u00c0 LA TRANSITION \u00c9NERG\u00c9TIQUE EN MATI\u00c8RE DE CHAUFFAGE.<\/p>\n            <\/div>\n                    <\/div>\n    <\/div>\n    <div class=\"container py-8 md:py-36 relative mx-auto\">\n    <\/div>\n    <img decoding=\"async\" src=\"\/wp-content\/themes\/mypellets2023\/assets\/vector_bottom.svg\"\n        class=\"absolute left-0 w-full right-0 bottom-0\">\n\n<\/div>\n\n\n<div class=\"hidden bg-light bg-dark text-yellow text-secondary\"><\/div>\n\n<div  \n    class=\"trnc-column-img-text \n     bg-light trnc-content w-fullwidth flex justify-center items-center overflow-hidden\">\n    <div class=\"trnc-content-width w-full lg:h-screen lg:pl-4 grid grid-cols-1 grid-rows-2 lg:grid-cols-2 lg:grid-rows-1\">\n        <div class=\"flex-1 order-1 flex flex-col justify-center items-center\">\n            <div class=\"text-center trnc-reveal trnc-reveal--fromLeft flex h-full px-5 pt-5 pb-16 flex-col has-lightyellow-background-color\">\n                <div class=\"flex-1 py-8\">\n                                <p class=\"text-yellow font-30 font-bold uppercase leading-none mb-0\">DES FABRICANTS DE SYST\u00c8MES DE CHAUFFAGE RENOMM\u00c9S RECOMMANDENT MY PELLETS<\/p>                <\/div>\n                <div class=\"flex-1\">\n                <p class=\"text-yellow font-48 font-bold\">DES FABRICANTS DE SYST\u00c8MES DE CHAUFFAGE RENOMM\u00c9S RECOMMANDENT MY PELLETS<\/p>\n                <div class=\"text-yellow font-20 font-bold\"><p>Ils ne pr\u00e9servent pas seulement l\u2019environnement, mais permettent aussi \u00e0 votre syst\u00e8me de chauffage de rester plus performant et de durer plus longtemps. Et, avec la meilleure teneur en cendre et en humidit\u00e9 d\u2019Europe\u00a0!<\/p>\n<\/div>\n                <p class=\"text-yellow font-10 font-bold\"><\/p>\n                <a href=\"https:\/\/www.mypellets.at\/fr\/qualite\/\" class=\"border-4 uppercase border-yellow rounded-3xl px-4 font-28 font-bold button-yellow\" target=\"\">Qualit\u00e9<\/a>  \n             <\/div>\n            <\/div>\n        <\/div>\n        <div class=\"flex-1 flex justify-center h-full is-overflow is-initialized trnc-reveal trnc-reveal--fromRight\">\n            <img loading=\"lazy\" decoding=\"async\" width=\"730\" height=\"822\" src=\"https:\/\/www.mypellets.at\/wp-content\/uploads\/2025\/10\/Ofen_BildausVideovonMatthias_Web.jpg\" class=\"w-auto h-auto object-cover\" alt=\"\" srcset=\"https:\/\/www.mypellets.at\/wp-content\/uploads\/2025\/10\/Ofen_BildausVideovonMatthias_Web.jpg 730w, https:\/\/www.mypellets.at\/wp-content\/uploads\/2025\/10\/Ofen_BildausVideovonMatthias_Web-266x300.jpg 266w, https:\/\/www.mypellets.at\/wp-content\/uploads\/2025\/10\/Ofen_BildausVideovonMatthias_Web-600x676.jpg 600w\" sizes=\"auto, (max-width: 730px) 100vw, 730px\" \/>        <\/div>\n    <\/div>\n<\/div>\n\n\n\n<div class=\"hidden bg-light bg-dark text-yellow text-secondary\"><\/div>\n\n<div  \n    class=\"trnc-column-img-text \n     bg-light trnc-content w-fullwidth flex justify-center items-center overflow-hidden\">\n    <div class=\"trnc-content-width w-full lg:h-screen lg:pl-4 grid grid-cols-1 grid-rows-2 lg:grid-cols-2 lg:grid-rows-1\">\n        <div class=\"flex-1 order-0 flex flex-col justify-center items-center\">\n            <div class=\"text-center trnc-reveal trnc-reveal--fromLeft flex h-full px-5 pt-5 pb-16 flex-col has-lightyellow-background-color\">\n                <div class=\"flex-1 py-8\">\n                                <p class=\"text-yellow font-48 font-bold uppercase leading-none mb-0\">L\u2019amour des pellets depuis<\/p><p class=\"text-yellow font-188 font-bold uppercase leading-none mb-0\">1995<\/p>                <\/div>\n                <div class=\"flex-1\">\n                <p class=\"text-yellow font-48 font-bold\"><\/p>\n                <div class=\"text-yellow font-20 font-bold\"><p>\u00bbJe m\u2019occupe de granul\u00e9s de bois depuis 1995 et ai cr\u00e9\u00e9 cette entreprise en 2012 parce que j\u2019ai constat\u00e9 que le bois, une mati\u00e8re premi\u00e8re renouvelable, \u00e9tait une v\u00e9ritable alternative aux combustibles fossiles comme le mazout et le gaz. Depuis, je cherche toujours de nouvelles voies qui permettront de trouver une solution optimale pour l\u2019environnement et la nature.\u00a0\u00ab<\/p>\n<\/div>\n                <p class=\"text-yellow font-10 font-bold\">\u2013 Matthias Kroell <br \/>\r\nDirecteur et propri\u00e9taire de My Pellets<\/p>\n                <a href=\"https:\/\/www.mypellets.at\/fr\/a-propos-de-nous\/\" class=\"border-4 uppercase border-yellow rounded-3xl px-4 font-28 font-bold button-yellow\" target=\"\">\u00c0 propos de nous<\/a>  \n             <\/div>\n            <\/div>\n        <\/div>\n        <div class=\"flex-1 flex justify-center h-full is-overflow is-initialized trnc-reveal trnc-reveal--fromRight\">\n            <img loading=\"lazy\" decoding=\"async\" width=\"710\" height=\"809\" src=\"https:\/\/www.mypellets.at\/wp-content\/uploads\/2023\/10\/My_Pellets-36-3.png\" class=\"w-auto h-auto object-cover\" alt=\"\" srcset=\"https:\/\/www.mypellets.at\/wp-content\/uploads\/2023\/10\/My_Pellets-36-3.png 710w, https:\/\/www.mypellets.at\/wp-content\/uploads\/2023\/10\/My_Pellets-36-3-600x684.png 600w, https:\/\/www.mypellets.at\/wp-content\/uploads\/2023\/10\/My_Pellets-36-3-263x300.png 263w\" sizes=\"auto, (max-width: 710px) 100vw, 710px\" \/>        <\/div>\n    <\/div>\n<\/div>\n\n\n\n<div class=\"hidden bg-light bg-dark text-yellow text-secondary\"><\/div>\n\n<div  \n    class=\"trnc-fullwidth-with-image trnc-full trnc-content\n    has-white-background-color w-fullwidth py-16 flex justify-center items-center md:px-4 overflow-hidden\">\n    <div class=\" trnc-reveal container mx-auto grid-cols-1 grid-rows-2 gap-8 lg:grid-cols-2 lg:grid-rows-1 lg:gap-24 flex lg:block flex-col-reverse lg:flex-col lg:grid\">\n        <div class=\"flex-1 flex flex-col justify-center items-start\">\n            <div class=\"text-left \">\n                <p class=\"text-yellow font-bold font-30 \">LES GRANUL\u00c9S \u00ab MY PREMIUM PELLETS \u00bb<br \/>\r\nAvec une teneur en cendre et en humidit\u00e9 plus faible, ces granul\u00e9s garantissent une dur\u00e9e de combustion plus longue et pr\u00e9servent votre syst\u00e8me de chauffage. Les meilleurs granul\u00e9s My Premium Pellets d\u2019Europe 100 % \u00e9pic\u00e9a.<\/p>\n                <div class=\"wp-block-button mt-8\">\n                 <a href=\"https:\/\/www.mypellets.at\/fr\/produkt\/my-premium-pellets-palette\/\" class=\"border-4 border-yellow uppercase rounded-3xl px-4 font-28 font-bold button-yellow\" target=\"\">VERS LE PRODUIT<\/a>  <\/div>\n            <\/div>\n        <\/div>\n        <div class=\"flex-1 flex items-center justify-center relative\">\n            <div class=\"bg-img-circle circle-yellow\"><\/div>\n            <img loading=\"lazy\" decoding=\"async\" width=\"393\" height=\"405\" src=\"https:\/\/www.mypellets.at\/wp-content\/uploads\/2023\/11\/Premium_Sack_frei-1.svg\" class=\"z-1\t w-auto h-auto object-cover sm-height-350\" alt=\"\" \/>        <\/div>\n    <\/div>\n<\/div>\n\n\n<div class=\"hidden bg-light bg-dark text-red text-secondary\"><\/div>\n\n<div  \n    class=\"trnc-fullwidth-with-image trnc-full trnc-content\n    has-light-background-color w-fullwidth py-16 flex justify-center items-center md:px-4 overflow-hidden\">\n    <div class=\" trnc-reveal container mx-auto grid-cols-1 grid-rows-2 gap-8 lg:grid-cols-2 lg:grid-rows-1 lg:gap-24 flex lg:block flex-col-reverse lg:flex-col lg:grid\">\n        <div class=\"flex-1 flex flex-col justify-center items-start\">\n            <div class=\"text-left \">\n                <p class=\"text-red font-bold font-30 \">LES GRANUL\u00c9S<br \/>\r\n\u00ab MY AUSTRIAN PELLETS \u00bb<br \/>\r\nsont 100 % autrichiens. Le produit optimal fabriqu\u00e9 \u00e0 partir des meilleurs r\u00e9sineux de la r\u00e9gion.<\/p>\n                <div class=\"wp-block-button mt-8\">\n                 <a href=\"https:\/\/www.mypellets.at\/fr\/produkt\/my-austrian-pellets\/\" class=\"border-4 border-red uppercase rounded-3xl px-4 font-28 font-bold button-red\" target=\"\">VERS LE PRODUIT<\/a>  <\/div>\n            <\/div>\n        <\/div>\n        <div class=\"flex-1 flex items-center justify-center relative\">\n            <div class=\"bg-img-circle circle-red\"><\/div>\n            <img loading=\"lazy\" decoding=\"async\" width=\"286\" height=\"467\" src=\"https:\/\/www.mypellets.at\/wp-content\/uploads\/2023\/11\/Austrian_Sack_frei-1.svg\" class=\"z-1\t w-auto h-auto object-cover sm-height-350\" alt=\"\" \/>        <\/div>\n    <\/div>\n<\/div>\n\n\n<div class=\"hidden bg-light bg-dark text-green text-secondary\"><\/div>\n\n<div  \n    class=\"trnc-fullwidth-with-image trnc-full trnc-content\n    has-white-background-color w-fullwidth py-16 flex justify-center items-center md:px-4 overflow-hidden\">\n    <div class=\" trnc-reveal container mx-auto grid-cols-1 grid-rows-2 gap-8 lg:grid-cols-2 lg:grid-rows-1 lg:gap-24 flex lg:block flex-col-reverse lg:flex-col lg:grid\">\n        <div class=\"flex-1 flex flex-col justify-center items-start\">\n            <div class=\"text-left \">\n                <p class=\"text-green font-bold font-30 \">LES GRANUL\u00c9S \u00ab MY BIO PELLETS \u00bb<br \/>\r\nsont le combustible le plus durable d\u2019Europe. Certifi\u00e9s ENplus\u00a9 &#8211; A1, ces granul\u00e9s se caract\u00e9risent par leur tra\u00e7abilit\u00e9 et par une fabrication \u00e9co-efficiente.<\/p>\n                <div class=\"wp-block-button mt-8\">\n                 <a href=\"https:\/\/www.mypellets.at\/fr\/produkt\/my-bio-pellets\/\" class=\"border-4 border-green uppercase rounded-3xl px-4 font-28 font-bold button-green\" target=\"\">VERS LE PRODUIT<\/a>  <\/div>\n            <\/div>\n        <\/div>\n        <div class=\"flex-1 flex items-center justify-center relative\">\n            <div class=\"bg-img-circle circle-green\"><\/div>\n            <img loading=\"lazy\" decoding=\"async\" width=\"390\" height=\"416\" src=\"https:\/\/www.mypellets.at\/wp-content\/uploads\/2023\/09\/Bio_Sack_frei-1.svg\" class=\"z-1\t w-auto h-auto object-cover sm-height-350\" alt=\"\" \/>        <\/div>\n    <\/div>\n<\/div>\n\n\n<div class=\"hidden bg-light bg-dark text-red text-secondary\"><\/div>\n\n<div  \n    class=\"trnc-fullwidth-with-image trnc-full trnc-content\n    has-light-background-color w-fullwidth py-16 flex justify-center items-center md:px-4 overflow-hidden\">\n    <div class=\" trnc-reveal container mx-auto grid-cols-1 grid-rows-2 gap-8 lg:grid-cols-2 lg:grid-rows-1 lg:gap-24 flex lg:block flex-col-reverse lg:flex-col lg:grid\">\n        <div class=\"flex-1 flex flex-col justify-center items-start\">\n            <div class=\"text-left \">\n                <p class=\"text-red font-bold font-30 \">LES GRANUL\u00c9S \u00ab BURN PELLETS \u00bb<br \/>\r\nsont fabriqu\u00e9s \u00e0 partir de r\u00e9sineux 100% europ\u00e9ens et offrent les meilleures valeurs \u00e9nerg\u00e9tiques. Les alternatives \u00e9conomiques aux produits Premium.<\/p>\n                <div class=\"wp-block-button mt-8\">\n                 <a href=\"https:\/\/www.mypellets.at\/fr\/produkt\/burn-pellets\/\" class=\"border-4 border-red uppercase rounded-3xl px-4 font-28 font-bold button-red\" target=\"\">VERS LE PRODUIT<\/a>  <\/div>\n            <\/div>\n        <\/div>\n        <div class=\"flex-1 flex items-center justify-center relative\">\n            <div class=\"bg-img-circle circle-red\"><\/div>\n            <img loading=\"lazy\" decoding=\"async\" width=\"1\" height=\"1\" src=\"https:\/\/www.mypellets.at\/wp-content\/uploads\/2023\/11\/Burn_Sack_frei-1.svg\" class=\"z-1\t w-auto h-auto object-cover sm-height-350\" alt=\"\" \/>        <\/div>\n    <\/div>\n<\/div>\n\n\n<div class=\"hidden bg-light bg-dark text-blue text-secondary\"><\/div>\n\n<div  \n    class=\"trnc-fullwidth-with-image trnc-full trnc-content\n    has-white-background-color w-fullwidth py-16 flex justify-center items-center md:px-4 overflow-hidden\">\n    <div class=\" trnc-reveal container mx-auto grid-cols-1 grid-rows-2 gap-8 lg:grid-cols-2 lg:grid-rows-1 lg:gap-24 flex lg:block flex-col-reverse lg:flex-col lg:grid\">\n        <div class=\"flex-1 flex flex-col justify-center items-start\">\n            <div class=\"text-left \">\n                <p class=\"text-blue font-bold font-30 \">LES BRIQUETTES<br \/>\r\n\u00ab MY PREMIUM BRIKETTS \u00bb<br \/>\r\nsont fabriqu\u00e9es \u00e0 partir de sciures et de copeaux et ne comptent aucun liant et aucun additif. Le combustible pour les po\u00eales en fa\u00efence, po\u00eales-chemin\u00e9es, po\u00eales \u00e0 bois, cuisini\u00e8res, chemin\u00e9es ouvertes et chauffages centraux.<\/p>\n                <div class=\"wp-block-button mt-8\">\n                 <a href=\"https:\/\/www.mypellets.at\/fr\/produkt\/briquettes\/\" class=\"border-4 border-blue uppercase rounded-3xl px-4 font-28 font-bold button-blue\" target=\"\">VERS LE PRODUIT<\/a>  <\/div>\n            <\/div>\n        <\/div>\n        <div class=\"flex-1 flex items-center justify-center relative\">\n            <div class=\"bg-img-circle circle-blue\"><\/div>\n            <img loading=\"lazy\" decoding=\"async\" width=\"452\" height=\"484\" src=\"https:\/\/www.mypellets.at\/wp-content\/uploads\/2023\/12\/Brickets_Box_frei-1.png\" class=\"z-1\t w-auto h-auto object-cover sm-height-350\" alt=\"\" srcset=\"https:\/\/www.mypellets.at\/wp-content\/uploads\/2023\/12\/Brickets_Box_frei-1.png 452w, https:\/\/www.mypellets.at\/wp-content\/uploads\/2023\/12\/Brickets_Box_frei-1-280x300.png 280w\" sizes=\"auto, (max-width: 452px) 100vw, 452px\" \/>        <\/div>\n    <\/div>\n<\/div>\n\n\n<div class=\"hidden bg-light bg-dark text-green text-secondary\"><\/div>\n\n<div  \n    class=\"trnc-fullwidth-with-image trnc-full trnc-content\n    has-light-background-color w-fullwidth py-16 flex justify-center items-center md:px-4 overflow-hidden\">\n    <div class=\" trnc-reveal container mx-auto grid-cols-1 grid-rows-2 gap-8 lg:grid-cols-2 lg:grid-rows-1 lg:gap-24 flex lg:block flex-col-reverse lg:flex-col lg:grid\">\n        <div class=\"flex-1 flex flex-col justify-center items-start\">\n            <div class=\"text-left \">\n                <p class=\"text-green font-bold font-30 \">MY PREMIUM BOIS DE CHAUFFAGE <br \/>\r\nest enti\u00e8rement compos\u00e9 de bois de h\u00eatre tri\u00e9 \u00e0 la main et provient de Styrie (Autriche).<\/p>\n                <div class=\"wp-block-button mt-8\">\n                 <a href=\"https:\/\/www.mypellets.at\/fr\/produkt\/mon-bois-de-chauffage-premium-palette\/\" class=\"border-4 border-green uppercase rounded-3xl px-4 font-28 font-bold button-green\" target=\"\">VERS LE PRODUIT<\/a>  <\/div>\n            <\/div>\n        <\/div>\n        <div class=\"flex-1 flex items-center justify-center relative\">\n            <div class=\"bg-img-circle circle-green\"><\/div>\n            <img loading=\"lazy\" decoding=\"async\" width=\"452\" height=\"484\" src=\"https:\/\/www.mypellets.at\/wp-content\/uploads\/2026\/02\/Brennholz-NEU-452x484-V3.png\" class=\"z-1\t w-auto h-auto object-cover sm-height-350\" alt=\"\" srcset=\"https:\/\/www.mypellets.at\/wp-content\/uploads\/2026\/02\/Brennholz-NEU-452x484-V3.png 452w, https:\/\/www.mypellets.at\/wp-content\/uploads\/2026\/02\/Brennholz-NEU-452x484-V3-280x300.png 280w\" sizes=\"auto, (max-width: 452px) 100vw, 452px\" \/>        <\/div>\n    <\/div>\n<\/div>\n\n\n\n<div  class=\"trnc-news bg-white py-16 lg:py-40\">\n    <div class=\"container mx-auto grid py-8 grid-3-uneven text-webkit-center justify-center items-center lg:gap-12 trnc-reveal\">\n        <div>\n            <img loading=\"lazy\" decoding=\"async\" width=\"74\" height=\"112\" src=\"https:\/\/www.mypellets.at\/wp-content\/uploads\/2023\/09\/fire.svg\" class=\"w-auto h-auto object-cover icon-img\" alt=\"\" \/>        <\/div>\n        <div class=\"font-bold font-50 lg:font-xxl text-yellow\">actualit\u00e9s chaudes<\/div>\n        <div>\n            <img loading=\"lazy\" decoding=\"async\" width=\"74\" height=\"112\" src=\"https:\/\/www.mypellets.at\/wp-content\/uploads\/2023\/09\/fire.svg\" class=\"w-auto h-auto object-cover icon-img\" alt=\"\" \/>        <\/div>\n    <\/div>\n\n    <div class=\"container mx-auto\">\n\t\t\t<div class=\"py-8\">\n<div id=\"post-slider\" class=\"splide trnc-reveal\">\n<div class=\"splide__track\">\n<ul class=\"splide__list\">\n                                                        <li class=\"splide__slide\">\n                                <a class=\"read-more no-underline\" href=\"https:\/\/www.mypellets.at\/fr\/mon-enseignement-premium-avec-mes-pellets-premium\/\">\n                                    <div class=\"post-box\">\n                                        <div class=\"post-image center-text\">\n                                        <img loading=\"lazy\" decoding=\"async\" width=\"2560\" height=\"2434\" src=\"https:\/\/www.mypellets.at\/wp-content\/uploads\/2024\/07\/NL_KW30-scaled.jpg\" class=\"attachment-full size-full wp-post-image\" alt=\"\" srcset=\"https:\/\/www.mypellets.at\/wp-content\/uploads\/2024\/07\/NL_KW30-scaled.jpg 2560w, https:\/\/www.mypellets.at\/wp-content\/uploads\/2024\/07\/NL_KW30-300x285.jpg 300w, https:\/\/www.mypellets.at\/wp-content\/uploads\/2024\/07\/NL_KW30-1024x974.jpg 1024w, https:\/\/www.mypellets.at\/wp-content\/uploads\/2024\/07\/NL_KW30-768x730.jpg 768w, https:\/\/www.mypellets.at\/wp-content\/uploads\/2024\/07\/NL_KW30-1536x1461.jpg 1536w, https:\/\/www.mypellets.at\/wp-content\/uploads\/2024\/07\/NL_KW30-2048x1948.jpg 2048w, https:\/\/www.mypellets.at\/wp-content\/uploads\/2024\/07\/NL_KW30-600x571.jpg 600w\" sizes=\"auto, (max-width: 2560px) 100vw, 2560px\" \/>                                        <\/div>\n                                        <div class=\"py-2\">\n                                        <time datetime=\"2024-07-24T11:47:42+02:00\" itemprop=\"datePublished\" class=\"text-brown text-smaller uppercase font-bold\">\n                                            24. July 2024                                        <\/time>\n                                        <h2 class=\"pb-1 text-brown\">MON ENSEIGNEMENT PREMIUM AVEC MES PELLETS PREMIUM<\/h2>\n                                            <p class=\"read-more text-brown\">R\u00e9ussi l&#8217;apprentissage My Premium Pellets avec mention Nous sommes heureux que notre employ\u00e9e Susanne Monika Turtukowskyj ait termin\u00e9 avec succ\u00e8s&hellip;<\/p>\n                                        <\/div>\n                                    <\/div>\n                                <\/a>\n                            <\/li>\n                                                            <li class=\"splide__slide\">\n                                <a class=\"read-more no-underline\" href=\"https:\/\/www.mypellets.at\/fr\/coup-denvoi-de-la-finale\/\">\n                                    <div class=\"post-box\">\n                                        <div class=\"post-image center-text\">\n                                        <img loading=\"lazy\" decoding=\"async\" width=\"1439\" height=\"1392\" src=\"https:\/\/www.mypellets.at\/wp-content\/uploads\/2024\/07\/Ankick-zum-Finale.jpg\" class=\"attachment-full size-full wp-post-image\" alt=\"\" srcset=\"https:\/\/www.mypellets.at\/wp-content\/uploads\/2024\/07\/Ankick-zum-Finale.jpg 1439w, https:\/\/www.mypellets.at\/wp-content\/uploads\/2024\/07\/Ankick-zum-Finale-300x290.jpg 300w, https:\/\/www.mypellets.at\/wp-content\/uploads\/2024\/07\/Ankick-zum-Finale-1024x991.jpg 1024w, https:\/\/www.mypellets.at\/wp-content\/uploads\/2024\/07\/Ankick-zum-Finale-768x743.jpg 768w, https:\/\/www.mypellets.at\/wp-content\/uploads\/2024\/07\/Ankick-zum-Finale-600x580.jpg 600w\" sizes=\"auto, (max-width: 1439px) 100vw, 1439px\" \/>                                        <\/div>\n                                        <div class=\"py-2\">\n                                        <time datetime=\"2024-07-12T10:38:34+02:00\" itemprop=\"datePublished\" class=\"text-brown text-smaller uppercase font-bold\">\n                                            12. July 2024                                        <\/time>\n                                        <h2 class=\"pb-1 text-brown\">Coup d&#8217;envoi de la finale!<\/h2>\n                                            <p class=\"read-more text-brown\">La finale du championnat d&#8217;Europe 2024 aura lieu dimanche. Nous tirons au sort les deux derniers ballons de notre jeu-concours.&hellip;<\/p>\n                                        <\/div>\n                                    <\/div>\n                                <\/a>\n                            <\/li>\n                                                            <li class=\"splide__slide\">\n                                <a class=\"read-more no-underline\" href=\"https:\/\/www.mypellets.at\/fr\/participer-a-la-fete-et-jouer-lautriche-en-huitiemes-de-finale-et-des-ballons-de-foot-a-gagner\/\">\n                                    <div class=\"post-box\">\n                                        <div class=\"post-image center-text\">\n                                        <img loading=\"lazy\" decoding=\"async\" width=\"2560\" height=\"2358\" src=\"https:\/\/www.mypellets.at\/wp-content\/uploads\/2024\/07\/Tuerkei-vs-Oesterreich-scaled.jpg\" class=\"attachment-full size-full wp-post-image\" alt=\"\" srcset=\"https:\/\/www.mypellets.at\/wp-content\/uploads\/2024\/07\/Tuerkei-vs-Oesterreich-scaled.jpg 2560w, https:\/\/www.mypellets.at\/wp-content\/uploads\/2024\/07\/Tuerkei-vs-Oesterreich-300x276.jpg 300w, https:\/\/www.mypellets.at\/wp-content\/uploads\/2024\/07\/Tuerkei-vs-Oesterreich-1024x943.jpg 1024w, https:\/\/www.mypellets.at\/wp-content\/uploads\/2024\/07\/Tuerkei-vs-Oesterreich-768x707.jpg 768w, https:\/\/www.mypellets.at\/wp-content\/uploads\/2024\/07\/Tuerkei-vs-Oesterreich-1536x1415.jpg 1536w, https:\/\/www.mypellets.at\/wp-content\/uploads\/2024\/07\/Tuerkei-vs-Oesterreich-2048x1886.jpg 2048w, https:\/\/www.mypellets.at\/wp-content\/uploads\/2024\/07\/Tuerkei-vs-Oesterreich-600x553.jpg 600w\" sizes=\"auto, (max-width: 2560px) 100vw, 2560px\" \/>                                        <\/div>\n                                        <div class=\"py-2\">\n                                        <time datetime=\"2024-07-02T10:25:23+02:00\" itemprop=\"datePublished\" class=\"text-brown text-smaller uppercase font-bold\">\n                                            2. July 2024                                        <\/time>\n                                        <h2 class=\"pb-1 text-brown\">Participer \u00e0 la f\u00eate et jouer : L&#8217;Autriche en huiti\u00e8mes de finale et des ballons de foot \u00e0 gagner!<\/h2>\n                                            <p class=\"read-more text-brown\">Chers amis de MyPellets ! Aujourd&#8217;hui, l&#8217;Autriche joue contre la Turquie en huiti\u00e8me de finale &#8211; en tant que patriotes,&hellip;<\/p>\n                                        <\/div>\n                                    <\/div>\n                                <\/a>\n                            <\/li>\n                                                    \t                                            <\/ul>\n                            <\/div>\n                 <\/div>\n            <\/div>\n            <div class=\"wp-block-button text-center trnc-reveal\">\n                <a href=\"news\" class=\"border-4 border-brown rounded-3xl px-4 text-large lg:text-medium font-bold button-brown\" target=\"_self\">TOUTES LES NOUVELLES<\/a>\n            <\/div>\n\t<\/div>\n<\/div>","protected":false},"excerpt":{"rendered":"","protected":false},"author":1,"featured_media":0,"parent":0,"menu_order":0,"comment_status":"closed","ping_status":"closed","template":"","meta":{"_acf_changed":false,"inline_featured_image":false,"footnotes":""},"class_list":["post-9309","page","type-page","status-publish","hentry"],"acf":[],"_links":{"self":[{"href":"https:\/\/www.mypellets.at\/fr\/wp-json\/wp\/v2\/pages\/9309","targetHints":{"allow":["GET"]}}],"collection":[{"href":"https:\/\/www.mypellets.at\/fr\/wp-json\/wp\/v2\/pages"}],"about":[{"href":"https:\/\/www.mypellets.at\/fr\/wp-json\/wp\/v2\/types\/page"}],"author":[{"embeddable":true,"href":"https:\/\/www.mypellets.at\/fr\/wp-json\/wp\/v2\/users\/1"}],"replies":[{"embeddable":true,"href":"https:\/\/www.mypellets.at\/fr\/wp-json\/wp\/v2\/comments?post=9309"}],"version-history":[{"count":68,"href":"https:\/\/www.mypellets.at\/fr\/wp-json\/wp\/v2\/pages\/9309\/revisions"}],"predecessor-version":[{"id":15304,"href":"https:\/\/www.mypellets.at\/fr\/wp-json\/wp\/v2\/pages\/9309\/revisions\/15304"}],"wp:attachment":[{"href":"https:\/\/www.mypellets.at\/fr\/wp-json\/wp\/v2\/media?parent=9309"}],"curies":[{"name":"wp","href":"https:\/\/api.w.org\/{rel}","templated":true}]}}