{"id":9513,"date":"2023-09-04T08:59:44","date_gmt":"2023-09-04T06:59:44","guid":{"rendered":"https:\/\/www.mypellets.at\/home\/"},"modified":"2026-02-26T10:25:05","modified_gmt":"2026-02-26T09:25:05","slug":"home","status":"publish","type":"page","link":"https:\/\/www.mypellets.at\/sl\/","title":{"rendered":"Domov"},"content":{"rendered":"\n<div  class=\"trnc-hero text-yellow  relative\"\n    style=\"\">\n    <div class=\"hero_bg_wrapper\" style=\"background-image: url(https:\/\/www.mypellets.at\/wp-content\/uploads\/2023\/09\/WEB_MyPellets-132-1.jpg); z-index: -1;\n    position: fixed;\n    top: 0;\n    left: 0;\n    height: 100%;\n    width: 100%;\n    background-size: cover;\n    background-repeat: no-repeat;\n    background-attachment: scroll;\n    background-position: center;\"><\/div>\n    <div class=\"container w-full h-screen flex justify-center items-end mx-auto\">\n        <div class=\"relative md:pb-16 pb-4\">\n\n            <div class=\"text-yellow font-bold font-30 md:font-48\">\n                Na\u0161i peleti s certificirano kakovostjo poskrbijo za \u010disto\u010do va\u0161ega ogrevalnega sistema na pelete in narave. Z najvi\u0161jimi standardi kakovosti za zmanj\u0161ano vsebnost prahu in vlage ter izvor materiala zagotavljamo najvi\u0161je evropske standarde.            <\/div>\n            <div class=\"wp-block-button mt-6 md:mt-16 inline-flex flex-wrap\">\n                <a href=\"https:\/\/www.mypellets.at\/sl\/izdelki\/\" class=\"border-4 mr-4 border-yellow mb-2 inline-flex md:flex uppercase rounded-3xl px-4 font-20 lg:text-large font-bold button-yellow\" target=\"\">Izdelki<\/a><br><a href=\"https:\/\/www.mypellets.at\/sl\/kakovost\/\" class=\"border-4 mr-4 border-yellow mb-2 inline-flex md:flex uppercase rounded-3xl px-4 font-20 lg:text-large font-bold button-yellow\" target=\"\">Kakovost<\/a><br>            <\/div>\n\n                        <div class=\"grid grid-cols-1 xl:grid-cols-2 mt-6\">\n                <div>\n                <\/div>\n                <div class=\"flex flex-row justify-end items-center gap-4\">\n                    \n<a href=\"https:\/\/www.mypellets.at\/sl\/zadenite-letno-zalogo-premium-peletov\/\"\n    target=\"\">\n    <img loading=\"lazy\" decoding=\"async\" width=\"300\" height=\"103\" src=\"https:\/\/www.mypellets.at\/wp-content\/uploads\/2024\/06\/Button-SL.png\" class=\"mr-0\" alt=\"Gewinnspiel Button Jahresbedarf\" \/><\/a>                <\/div>\n            <\/div>\n                    <\/div>\n    <\/div>\n\n    <div\n        class=\"container pt-16 md:pt-0 w-full md:h-screen flex flex-col md:flex-row justify-center items-center mx-auto md:px-4\">\n        <div\n            class=\"relative md:mb-0 mb-6 md:h-full text-center uppercase flex-1 font-14 flex flex-col justify-end order-1 md:order-none\">\n                        <div class=\"removepadding\" style=\"margin-top: auto;\">\n                <img decoding=\"async\" src=\"https:\/\/www.mypellets.at\/wp-content\/uploads\/2023\/10\/Ebene_1-8.svg\" alt=\"\"\n                    class=\"mx-auto py-4 mobileimg\">\n                <p><strong>BOLJ\u0160I KOT  ENplus\u00ae\u2028<\/strong><br \/>\nZAGOTAVLJAMO 100-ODSTOTNO TRAJNOSTNO TOPLOTO \u2013 S CILJEM, DA NA\u0160I PELETI PRESE\u017dEJO VREDNOSTI NAJVI\u0160JEGA EVROPSKEGA RAZREDA KAKOVOSTI, CERTIFIKATA ENPLUS \u2013 A1.<\/p>\n            <\/div>\n                    <\/div>\n        <div\n            class=\"relative md:mb-0 mb-6 text-center uppercase flex-1 font-30 font-bold leading-none text-center md:order-none\">\n                        <div class=\"flex justify-center items-center\">\n                <img decoding=\"async\" src=\"https:\/\/www.mypellets.at\/wp-content\/uploads\/2023\/10\/Ebene_1-7.svg\"\n                    alt=\"\" class=\"mx-auto\">\n                <div class=\"mx-2 mb-0\"><p>BOLJ\u0160I OD NAJVI\u0160JEGA KAKOVOSTNEGA RAZREDA\u2028V EVROPI<\/p>\n<\/div>\n                <img decoding=\"async\" src=\"https:\/\/www.mypellets.at\/wp-content\/uploads\/2023\/10\/Ebene_1-7.svg\"\n                    alt=\"\" class=\"mx-auto mirrored-image\">\n            <\/div>\n                    <\/div>\n        <div\n            class=\"relative md:mb-0 mb-6 md:h-full text-center uppercase flex-1 font-14 flex flex-col justify-end order-2 md:order-none\">\n                        <div style=\"margin-top: auto;\">\n                <img decoding=\"async\" src=\"https:\/\/www.mypellets.at\/wp-content\/uploads\/2023\/10\/Ebene_1-5.svg\"\n                    alt=\"\" class=\"mx-auto py-4 mobileimg\">\n                <p><strong>Propellets \u010cLANI \u2028<\/strong><br \/>\nSMO PONOSNI \u010cLANI AVSTRIJSKEGA ZDRU\u017dENJA PROPELLETS AUSTRIA IN SKUPAJ Z DRUGIMI PODJETJI SODELUJEMO PRI ENERGETSKEM PREHODU NA PODRO\u010cJU OGREVANJA.<\/p>\n            <\/div>\n                    <\/div>\n    <\/div>\n    <div class=\"container py-8 md:py-36 relative mx-auto\">\n    <\/div>\n    <img decoding=\"async\" src=\"\/wp-content\/themes\/mypellets2023\/assets\/vector_bottom.svg\"\n        class=\"absolute left-0 w-full right-0 bottom-0\">\n\n<\/div>\n\n\n<div class=\"hidden bg-light bg-dark text-yellow text-secondary\"><\/div>\n\n<div  \n    class=\"trnc-column-img-text \n     bg-light trnc-content w-fullwidth flex justify-center items-center overflow-hidden\">\n    <div class=\"trnc-content-width w-full lg:h-screen lg:pl-4 grid grid-cols-1 grid-rows-2 lg:grid-cols-2 lg:grid-rows-1\">\n        <div class=\"flex-1 order-1 flex flex-col justify-center items-center\">\n            <div class=\"text-center trnc-reveal trnc-reveal--fromLeft flex h-full px-5 pt-5 pb-16 flex-col has-lightyellow-background-color\">\n                <div class=\"flex-1 py-8\">\n                                <p class=\"text-yellow font-30 font-bold uppercase leading-none mb-0\">PRIZNANI PROIZVAJALCI OGREVALNIH SISTEMOV PRIPORO\u010cAJO MY PELLETS<\/p>                <\/div>\n                <div class=\"flex-1\">\n                <p class=\"text-yellow font-48 font-bold\">Zaradi na\u0161ih peletov bo va\u0161 ogrevalni sistem deloval dlje!<\/p>\n                <div class=\"text-yellow font-20 font-bold\"><p>Na\u0161i peleti ne varujejo le okolja, temve\u010d tudi zagotavljajo ve\u010djo u\u010dinkovitost in trajnost va\u0161ega ogrevalnega sistema. Z najbolj\u0161imi evropskimi ocenami glede vsebnosti pepela in vlage!<\/p>\n<\/div>\n                <p class=\"text-yellow font-10 font-bold\"><\/p>\n                <a href=\"https:\/\/www.mypellets.at\/sl\/kakovost\/\" class=\"border-4 uppercase border-yellow rounded-3xl px-4 font-28 font-bold button-yellow\" target=\"\">Kakovost<\/a>  \n             <\/div>\n            <\/div>\n        <\/div>\n        <div class=\"flex-1 flex justify-center h-full is-overflow is-initialized trnc-reveal trnc-reveal--fromRight\">\n            <img loading=\"lazy\" decoding=\"async\" width=\"730\" height=\"822\" src=\"https:\/\/www.mypellets.at\/wp-content\/uploads\/2025\/10\/Ofen_BildausVideovonMatthias_Web.jpg\" class=\"w-auto h-auto object-cover\" alt=\"\" srcset=\"https:\/\/www.mypellets.at\/wp-content\/uploads\/2025\/10\/Ofen_BildausVideovonMatthias_Web.jpg 730w, https:\/\/www.mypellets.at\/wp-content\/uploads\/2025\/10\/Ofen_BildausVideovonMatthias_Web-266x300.jpg 266w, https:\/\/www.mypellets.at\/wp-content\/uploads\/2025\/10\/Ofen_BildausVideovonMatthias_Web-600x676.jpg 600w\" sizes=\"auto, (max-width: 730px) 100vw, 730px\" \/>        <\/div>\n    <\/div>\n<\/div>\n\n\n\n<div class=\"hidden bg-light bg-dark text-yellow text-secondary\"><\/div>\n\n<div  \n    class=\"trnc-column-img-text \n     bg-light trnc-content w-fullwidth flex justify-center items-center overflow-hidden\">\n    <div class=\"trnc-content-width w-full lg:h-screen lg:pl-4 grid grid-cols-1 grid-rows-2 lg:grid-cols-2 lg:grid-rows-1\">\n        <div class=\"flex-1 order-0 flex flex-col justify-center items-center\">\n            <div class=\"text-center trnc-reveal trnc-reveal--fromLeft flex h-full px-5 pt-5 pb-16 flex-col has-lightyellow-background-color\">\n                <div class=\"flex-1 py-8\">\n                                <p class=\"text-yellow font-48 font-bold uppercase leading-none mb-0\">Ljubezen do peletov od<\/p><p class=\"text-yellow font-188 font-bold uppercase leading-none mb-0\">1995<\/p>                <\/div>\n                <div class=\"flex-1\">\n                <p class=\"text-yellow font-48 font-bold\"><\/p>\n                <div class=\"text-yellow font-20 font-bold\"><p>\u00bbZ lesnimi peleti se ukvarjam \u017ee od leta 1995, podjetje pa sem ustanovil leta 2012, ker sem v lesu videl obnovljivo surovino in pravo alternativo fosilnim gorivom, kot sta nafta in plin. Od takrat nenehno i\u0161\u010dem nove na\u010dine optimizacije za okolje in naravo.\u00ab<\/p>\n<\/div>\n                <p class=\"text-yellow font-10 font-bold\">\u2013 Matthias Kroell <br \/>\r\nDirektor in lastnik podjetja My Pellets<\/p>\n                <a href=\"https:\/\/www.mypellets.at\/sl\/o-nas\/\" class=\"border-4 uppercase border-yellow rounded-3xl px-4 font-28 font-bold button-yellow\" target=\"\">O nas<\/a>  \n             <\/div>\n            <\/div>\n        <\/div>\n        <div class=\"flex-1 flex justify-center h-full is-overflow is-initialized trnc-reveal trnc-reveal--fromRight\">\n            <img loading=\"lazy\" decoding=\"async\" width=\"710\" height=\"809\" src=\"https:\/\/www.mypellets.at\/wp-content\/uploads\/2023\/10\/My_Pellets-36-3.png\" class=\"w-auto h-auto object-cover\" alt=\"\" srcset=\"https:\/\/www.mypellets.at\/wp-content\/uploads\/2023\/10\/My_Pellets-36-3.png 710w, https:\/\/www.mypellets.at\/wp-content\/uploads\/2023\/10\/My_Pellets-36-3-600x684.png 600w, https:\/\/www.mypellets.at\/wp-content\/uploads\/2023\/10\/My_Pellets-36-3-263x300.png 263w\" sizes=\"auto, (max-width: 710px) 100vw, 710px\" \/>        <\/div>\n    <\/div>\n<\/div>\n\n\n\n<div class=\"hidden bg-light bg-dark text-yellow text-secondary\"><\/div>\n\n<div  \n    class=\"trnc-fullwidth-with-image trnc-full trnc-content\n    has-white-background-color w-fullwidth py-16 flex justify-center items-center md:px-4 overflow-hidden\">\n    <div class=\" trnc-reveal container mx-auto grid-cols-1 grid-rows-2 gap-8 lg:grid-cols-2 lg:grid-rows-1 lg:gap-24 flex lg:block flex-col-reverse lg:flex-col lg:grid\">\n        <div class=\"flex-1 flex flex-col justify-center items-start\">\n            <div class=\"text-left \">\n                <p class=\"text-yellow font-bold font-30 \">MY PREMIUM PELLETS<br \/>\r\nZ manj\u0161o vsebnostjo pepela in vlage poskrbijo za dalj\u0161i \u010das gorenja in varujejo va\u0161 ogrevalni sistem. Najbolj\u0161i evropski peleti My Premium Pellets iz 100-% smreke.<\/p>\n                <div class=\"wp-block-button mt-8\">\n                 <a href=\"https:\/\/www.mypellets.at\/sl\/produkt\/my-premium-pellets-na-paleti\/\" class=\"border-4 border-yellow uppercase rounded-3xl px-4 font-28 font-bold button-yellow\" target=\"\">DO IZDELKA<\/a>  <\/div>\n            <\/div>\n        <\/div>\n        <div class=\"flex-1 flex items-center justify-center relative\">\n            <div class=\"bg-img-circle circle-yellow\"><\/div>\n            <img loading=\"lazy\" decoding=\"async\" width=\"393\" height=\"405\" src=\"https:\/\/www.mypellets.at\/wp-content\/uploads\/2023\/11\/Premium_Sack_frei-1.svg\" class=\"z-1\t w-auto h-auto object-cover sm-height-350\" alt=\"\" \/>        <\/div>\n    <\/div>\n<\/div>\n\n\n<div class=\"hidden bg-light bg-dark text-red text-secondary\"><\/div>\n\n<div  \n    class=\"trnc-fullwidth-with-image trnc-full trnc-content\n    has-light-background-color w-fullwidth py-16 flex justify-center items-center md:px-4 overflow-hidden\">\n    <div class=\" trnc-reveal container mx-auto grid-cols-1 grid-rows-2 gap-8 lg:grid-cols-2 lg:grid-rows-1 lg:gap-24 flex lg:block flex-col-reverse lg:flex-col lg:grid\">\n        <div class=\"flex-1 flex flex-col justify-center items-start\">\n            <div class=\"text-left \">\n                <p class=\"text-red font-bold font-30 \">MY AUSTRIAN PELLETS<br \/>\r\nso 100-odstotno avstrijski. Vrhunski izdelek iz najbolj\u0161ih iglavcev v regiji.<\/p>\n                <div class=\"wp-block-button mt-8\">\n                 <a href=\"https:\/\/www.mypellets.at\/sl\/produkt\/my-austrian-pellets\/\" class=\"border-4 border-red uppercase rounded-3xl px-4 font-28 font-bold button-red\" target=\"\">DO IZDELKA<\/a>  <\/div>\n            <\/div>\n        <\/div>\n        <div class=\"flex-1 flex items-center justify-center relative\">\n            <div class=\"bg-img-circle circle-red\"><\/div>\n            <img loading=\"lazy\" decoding=\"async\" width=\"286\" height=\"467\" src=\"https:\/\/www.mypellets.at\/wp-content\/uploads\/2023\/11\/Austrian_Sack_frei-1.svg\" class=\"z-1\t w-auto h-auto object-cover sm-height-350\" alt=\"\" \/>        <\/div>\n    <\/div>\n<\/div>\n\n\n<div class=\"hidden bg-light bg-dark text-green text-secondary\"><\/div>\n\n<div  \n    class=\"trnc-fullwidth-with-image trnc-full trnc-content\n    has-white-background-color w-fullwidth py-16 flex justify-center items-center md:px-4 overflow-hidden\">\n    <div class=\" trnc-reveal container mx-auto grid-cols-1 grid-rows-2 gap-8 lg:grid-cols-2 lg:grid-rows-1 lg:gap-24 flex lg:block flex-col-reverse lg:flex-col lg:grid\">\n        <div class=\"flex-1 flex flex-col justify-center items-start\">\n            <div class=\"text-left \">\n                <p class=\"text-green font-bold font-30 \">MY BIO PELLETS <br \/>\r\nso najbolj trajnostno kurivo v Evropi z razredom kakovosti ENplus\u00a9 \u2013 A1, sledljivim poreklom in proizvodnjo, ki var\u010duje z viri.<\/p>\n                <div class=\"wp-block-button mt-8\">\n                 <a href=\"https:\/\/www.mypellets.at\/sl\/produkt\/my-bio-pellets\/\" class=\"border-4 border-green uppercase rounded-3xl px-4 font-28 font-bold button-green\" target=\"\">DO IZDELKA<\/a>  <\/div>\n            <\/div>\n        <\/div>\n        <div class=\"flex-1 flex items-center justify-center relative\">\n            <div class=\"bg-img-circle circle-green\"><\/div>\n            <img loading=\"lazy\" decoding=\"async\" width=\"390\" height=\"416\" src=\"https:\/\/www.mypellets.at\/wp-content\/uploads\/2023\/09\/Bio_Sack_frei-1.svg\" class=\"z-1\t w-auto h-auto object-cover sm-height-350\" alt=\"\" \/>        <\/div>\n    <\/div>\n<\/div>\n\n\n<div class=\"hidden bg-light bg-dark text-red text-secondary\"><\/div>\n\n<div  \n    class=\"trnc-fullwidth-with-image trnc-full trnc-content\n    has-light-background-color w-fullwidth py-16 flex justify-center items-center md:px-4 overflow-hidden\">\n    <div class=\" trnc-reveal container mx-auto grid-cols-1 grid-rows-2 gap-8 lg:grid-cols-2 lg:grid-rows-1 lg:gap-24 flex lg:block flex-col-reverse lg:flex-col lg:grid\">\n        <div class=\"flex-1 flex flex-col justify-center items-start\">\n            <div class=\"text-left \">\n                <p class=\"text-red font-bold font-30 \">BURN PELLETS<br \/>\r\nso peleti, izdelani iz 100-odstotno evropskega lesa iglavcev, z najbolj\u0161o kalori\u010dno vrednostjo. Ekonomi\u010dna alternativa vrhunskim izdelkom.<\/p>\n                <div class=\"wp-block-button mt-8\">\n                 <a href=\"https:\/\/www.mypellets.at\/sl\/produkt\/burn-pellets\/\" class=\"border-4 border-red uppercase rounded-3xl px-4 font-28 font-bold button-red\" target=\"\">DO IZDELKA<\/a>  <\/div>\n            <\/div>\n        <\/div>\n        <div class=\"flex-1 flex items-center justify-center relative\">\n            <div class=\"bg-img-circle circle-red\"><\/div>\n            <img loading=\"lazy\" decoding=\"async\" width=\"1\" height=\"1\" src=\"https:\/\/www.mypellets.at\/wp-content\/uploads\/2023\/11\/Burn_Sack_frei-1.svg\" class=\"z-1\t w-auto h-auto object-cover sm-height-350\" alt=\"\" \/>        <\/div>\n    <\/div>\n<\/div>\n\n\n<div class=\"hidden bg-light bg-dark text-blue text-secondary\"><\/div>\n\n<div  \n    class=\"trnc-fullwidth-with-image trnc-full trnc-content\n    has-white-background-color w-fullwidth py-16 flex justify-center items-center md:px-4 overflow-hidden\">\n    <div class=\" trnc-reveal container mx-auto grid-cols-1 grid-rows-2 gap-8 lg:grid-cols-2 lg:grid-rows-1 lg:gap-24 flex lg:block flex-col-reverse lg:flex-col lg:grid\">\n        <div class=\"flex-1 flex flex-col justify-center items-start\">\n            <div class=\"text-left \">\n                <p class=\"text-blue font-bold font-30 \">MY PREMIUM BRIKETTS<br \/>\r\niz suhe \u017eagovine in lesnih ostru\u017ekov, brez veziv ali dodatkov. Kurivo za lon\u010dene pe\u010di, kaminske pe\u010di, pe\u010di na drva, \u0161tedilnike na drva, odprta ognji\u0161\u010da in sisteme centralnega ogrevanja.<\/p>\n                <div class=\"wp-block-button mt-8\">\n                 <a href=\"https:\/\/www.mypellets.at\/sl\/produkt\/paleta-my-premium-briketts\/\" class=\"border-4 border-blue uppercase rounded-3xl px-4 font-28 font-bold button-blue\" target=\"\">DO IZDELKA<\/a>  <\/div>\n            <\/div>\n        <\/div>\n        <div class=\"flex-1 flex items-center justify-center relative\">\n            <div class=\"bg-img-circle circle-blue\"><\/div>\n            <img loading=\"lazy\" decoding=\"async\" width=\"452\" height=\"484\" src=\"https:\/\/www.mypellets.at\/wp-content\/uploads\/2023\/12\/Brickets_Box_frei-1.png\" class=\"z-1\t w-auto h-auto object-cover sm-height-350\" alt=\"\" srcset=\"https:\/\/www.mypellets.at\/wp-content\/uploads\/2023\/12\/Brickets_Box_frei-1.png 452w, https:\/\/www.mypellets.at\/wp-content\/uploads\/2023\/12\/Brickets_Box_frei-1-280x300.png 280w\" sizes=\"auto, (max-width: 452px) 100vw, 452px\" \/>        <\/div>\n    <\/div>\n<\/div>\n\n\n<div class=\"hidden bg-light bg-dark text-green text-secondary\"><\/div>\n\n<div  \n    class=\"trnc-fullwidth-with-image trnc-full trnc-content\n    has-light-background-color w-fullwidth py-16 flex justify-center items-center md:px-4 overflow-hidden\">\n    <div class=\" trnc-reveal container mx-auto grid-cols-1 grid-rows-2 gap-8 lg:grid-cols-2 lg:grid-rows-1 lg:gap-24 flex lg:block flex-col-reverse lg:flex-col lg:grid\">\n        <div class=\"flex-1 flex flex-col justify-center items-start\">\n            <div class=\"text-left \">\n                <p class=\"text-green font-bold font-30 \">MY PREMIUM LES ZA KURJAVO<br \/>\r\n100-odstotno ro\u010dno izbran avstrijski bukov les s \u0160tajerske.<\/p>\n                <div class=\"wp-block-button mt-8\">\n                 <a href=\"https:\/\/www.mypellets.at\/sl\/produkt\/paleta-my-premium-brennholz\/\" class=\"border-4 border-green uppercase rounded-3xl px-4 font-28 font-bold button-green\" target=\"\">DO IZDELKA<\/a>  <\/div>\n            <\/div>\n        <\/div>\n        <div class=\"flex-1 flex items-center justify-center relative\">\n            <div class=\"bg-img-circle circle-green\"><\/div>\n            <img loading=\"lazy\" decoding=\"async\" width=\"452\" height=\"484\" src=\"https:\/\/www.mypellets.at\/wp-content\/uploads\/2026\/02\/Brennholz-NEU-452x484-V3.png\" class=\"z-1\t w-auto h-auto object-cover sm-height-350\" alt=\"\" srcset=\"https:\/\/www.mypellets.at\/wp-content\/uploads\/2026\/02\/Brennholz-NEU-452x484-V3.png 452w, https:\/\/www.mypellets.at\/wp-content\/uploads\/2026\/02\/Brennholz-NEU-452x484-V3-280x300.png 280w\" sizes=\"auto, (max-width: 452px) 100vw, 452px\" \/>        <\/div>\n    <\/div>\n<\/div>\n\n\n\n<div  class=\"trnc-news bg-white py-16 lg:py-40\">\n    <div class=\"container mx-auto grid py-8 grid-3-uneven text-webkit-center justify-center items-center lg:gap-12 trnc-reveal\">\n        <div>\n            <img loading=\"lazy\" decoding=\"async\" width=\"74\" height=\"112\" src=\"https:\/\/www.mypellets.at\/wp-content\/uploads\/2023\/09\/fire.svg\" class=\"w-auto h-auto object-cover icon-img\" alt=\"\" \/>        <\/div>\n        <div class=\"font-bold font-50 lg:font-xxl text-yellow\">hot news<\/div>\n        <div>\n            <img loading=\"lazy\" decoding=\"async\" width=\"74\" height=\"112\" src=\"https:\/\/www.mypellets.at\/wp-content\/uploads\/2023\/09\/fire.svg\" class=\"w-auto h-auto object-cover icon-img\" alt=\"\" \/>        <\/div>\n    <\/div>\n\n    <div class=\"container mx-auto\">\n\t\t\t<div class=\"py-8\">\n<div id=\"post-slider\" class=\"splide trnc-reveal\">\n<div class=\"splide__track\">\n<ul class=\"splide__list\">\n                                                        <li class=\"splide__slide\">\n                                <a class=\"read-more no-underline\" href=\"https:\/\/www.mypellets.at\/sl\/moje-premium-poucevanje-z-mojimi-premium-peleti\/\">\n                                    <div class=\"post-box\">\n                                        <div class=\"post-image center-text\">\n                                        <img loading=\"lazy\" decoding=\"async\" width=\"2560\" height=\"2434\" src=\"https:\/\/www.mypellets.at\/wp-content\/uploads\/2024\/07\/NL_KW30-scaled.jpg\" class=\"attachment-full size-full wp-post-image\" alt=\"\" srcset=\"https:\/\/www.mypellets.at\/wp-content\/uploads\/2024\/07\/NL_KW30-scaled.jpg 2560w, https:\/\/www.mypellets.at\/wp-content\/uploads\/2024\/07\/NL_KW30-300x285.jpg 300w, https:\/\/www.mypellets.at\/wp-content\/uploads\/2024\/07\/NL_KW30-1024x974.jpg 1024w, https:\/\/www.mypellets.at\/wp-content\/uploads\/2024\/07\/NL_KW30-768x730.jpg 768w, https:\/\/www.mypellets.at\/wp-content\/uploads\/2024\/07\/NL_KW30-1536x1461.jpg 1536w, https:\/\/www.mypellets.at\/wp-content\/uploads\/2024\/07\/NL_KW30-2048x1948.jpg 2048w, https:\/\/www.mypellets.at\/wp-content\/uploads\/2024\/07\/NL_KW30-600x571.jpg 600w\" sizes=\"auto, (max-width: 2560px) 100vw, 2560px\" \/>                                        <\/div>\n                                        <div class=\"py-2\">\n                                        <time datetime=\"2024-07-24T11:51:52+02:00\" itemprop=\"datePublished\" class=\"text-brown text-smaller uppercase font-bold\">\n                                            24. July 2024                                        <\/time>\n                                        <h2 class=\"pb-1 text-brown\">MOJE PREMIUM POU\u010cEVANJE Z MOJIMI PREMIUM PELETI<\/h2>\n                                            <p class=\"read-more text-brown\">Vajeni\u0161tvo My Premium Pellets opravil z odliko Veseli nas, da je na\u0161a uslu\u017ebenka Susanne Monika Turtukowskyj zaklju\u010dila vajeni\u0161tvo pisarni\u0161ke referentke&hellip;<\/p>\n                                        <\/div>\n                                    <\/div>\n                                <\/a>\n                            <\/li>\n                                                            <li class=\"splide__slide\">\n                                <a class=\"read-more no-underline\" href=\"https:\/\/www.mypellets.at\/sl\/zacetek-finala\/\">\n                                    <div class=\"post-box\">\n                                        <div class=\"post-image center-text\">\n                                        <img loading=\"lazy\" decoding=\"async\" width=\"1439\" height=\"1392\" src=\"https:\/\/www.mypellets.at\/wp-content\/uploads\/2024\/07\/Ankick-zum-Finale.jpg\" class=\"attachment-full size-full wp-post-image\" alt=\"\" srcset=\"https:\/\/www.mypellets.at\/wp-content\/uploads\/2024\/07\/Ankick-zum-Finale.jpg 1439w, https:\/\/www.mypellets.at\/wp-content\/uploads\/2024\/07\/Ankick-zum-Finale-300x290.jpg 300w, https:\/\/www.mypellets.at\/wp-content\/uploads\/2024\/07\/Ankick-zum-Finale-1024x991.jpg 1024w, https:\/\/www.mypellets.at\/wp-content\/uploads\/2024\/07\/Ankick-zum-Finale-768x743.jpg 768w, https:\/\/www.mypellets.at\/wp-content\/uploads\/2024\/07\/Ankick-zum-Finale-600x580.jpg 600w\" sizes=\"auto, (max-width: 1439px) 100vw, 1439px\" \/>                                        <\/div>\n                                        <div class=\"py-2\">\n                                        <time datetime=\"2024-07-12T10:45:35+02:00\" itemprop=\"datePublished\" class=\"text-brown text-smaller uppercase font-bold\">\n                                            12. July 2024                                        <\/time>\n                                        <h2 class=\"pb-1 text-brown\">Za\u010detek finala!<\/h2>\n                                            <p class=\"read-more text-brown\">Finale evropskega prvenstva 2024 bo v nedeljo. Podarjamo zadnji dve \u017eogi v na\u0161em tekmovanju. Pohitite in igrajte zdaj.<\/p>\n                                        <\/div>\n                                    <\/div>\n                                <\/a>\n                            <\/li>\n                                                            <li class=\"splide__slide\">\n                                <a class=\"read-more no-underline\" href=\"https:\/\/www.mypellets.at\/sl\/pridruzite-se-navdusenju-in-igrajte-skupaj-z-nami-avstrija-v-osmina-finala-in-nogometne-zoge-za-zmago\/\">\n                                    <div class=\"post-box\">\n                                        <div class=\"post-image center-text\">\n                                        <img loading=\"lazy\" decoding=\"async\" width=\"2560\" height=\"2358\" src=\"https:\/\/www.mypellets.at\/wp-content\/uploads\/2024\/07\/Tuerkei-vs-Oesterreich-scaled.jpg\" class=\"attachment-full size-full wp-post-image\" alt=\"\" srcset=\"https:\/\/www.mypellets.at\/wp-content\/uploads\/2024\/07\/Tuerkei-vs-Oesterreich-scaled.jpg 2560w, https:\/\/www.mypellets.at\/wp-content\/uploads\/2024\/07\/Tuerkei-vs-Oesterreich-300x276.jpg 300w, https:\/\/www.mypellets.at\/wp-content\/uploads\/2024\/07\/Tuerkei-vs-Oesterreich-1024x943.jpg 1024w, https:\/\/www.mypellets.at\/wp-content\/uploads\/2024\/07\/Tuerkei-vs-Oesterreich-768x707.jpg 768w, https:\/\/www.mypellets.at\/wp-content\/uploads\/2024\/07\/Tuerkei-vs-Oesterreich-1536x1415.jpg 1536w, https:\/\/www.mypellets.at\/wp-content\/uploads\/2024\/07\/Tuerkei-vs-Oesterreich-2048x1886.jpg 2048w, https:\/\/www.mypellets.at\/wp-content\/uploads\/2024\/07\/Tuerkei-vs-Oesterreich-600x553.jpg 600w\" sizes=\"auto, (max-width: 2560px) 100vw, 2560px\" \/>                                        <\/div>\n                                        <div class=\"py-2\">\n                                        <time datetime=\"2024-07-02T10:43:04+02:00\" itemprop=\"datePublished\" class=\"text-brown text-smaller uppercase font-bold\">\n                                            2. July 2024                                        <\/time>\n                                        <h2 class=\"pb-1 text-brown\">Pridru\u017eite se navdu\u0161enju in igrajte skupaj z nami: Avstrija v osmina finala in nogometne \u017eoge za zmago!<\/h2>\n                                            <p class=\"read-more text-brown\">Dragi prijatelji MyPellets! Danes Avstrija v osmina finala igra s Tur\u010dijo &#8211; kot patrioti upamo, da se bo uvrstila v&hellip;<\/p>\n                                        <\/div>\n                                    <\/div>\n                                <\/a>\n                            <\/li>\n                                                    \t                                            <\/ul>\n                            <\/div>\n                 <\/div>\n            <\/div>\n            <div class=\"wp-block-button text-center trnc-reveal\">\n                <a href=\"news\" class=\"border-4 border-brown rounded-3xl px-4 text-large lg:text-medium font-bold button-brown\" target=\"_self\">VSE NOVICE<\/a>\n            <\/div>\n\t<\/div>\n<\/div>","protected":false},"excerpt":{"rendered":"","protected":false},"author":1,"featured_media":0,"parent":0,"menu_order":0,"comment_status":"closed","ping_status":"closed","template":"","meta":{"_acf_changed":false,"inline_featured_image":false,"footnotes":""},"class_list":["post-9513","page","type-page","status-publish","hentry"],"acf":[],"_links":{"self":[{"href":"https:\/\/www.mypellets.at\/sl\/wp-json\/wp\/v2\/pages\/9513","targetHints":{"allow":["GET"]}}],"collection":[{"href":"https:\/\/www.mypellets.at\/sl\/wp-json\/wp\/v2\/pages"}],"about":[{"href":"https:\/\/www.mypellets.at\/sl\/wp-json\/wp\/v2\/types\/page"}],"author":[{"embeddable":true,"href":"https:\/\/www.mypellets.at\/sl\/wp-json\/wp\/v2\/users\/1"}],"replies":[{"embeddable":true,"href":"https:\/\/www.mypellets.at\/sl\/wp-json\/wp\/v2\/comments?post=9513"}],"version-history":[{"count":60,"href":"https:\/\/www.mypellets.at\/sl\/wp-json\/wp\/v2\/pages\/9513\/revisions"}],"predecessor-version":[{"id":15308,"href":"https:\/\/www.mypellets.at\/sl\/wp-json\/wp\/v2\/pages\/9513\/revisions\/15308"}],"wp:attachment":[{"href":"https:\/\/www.mypellets.at\/sl\/wp-json\/wp\/v2\/media?parent=9513"}],"curies":[{"name":"wp","href":"https:\/\/api.w.org\/{rel}","templated":true}]}}